{"id":1029,"date":"2020-02-23T14:29:15","date_gmt":"2020-02-23T14:29:15","guid":{"rendered":"https:\/\/kptransportes.com.br\/sp\/?page_id=987"},"modified":"2020-02-23T14:29:15","modified_gmt":"2020-02-23T14:29:15","slug":"transportadora-em-assis-sp","status":"publish","type":"page","link":"https:\/\/kptransportes.com.br\/sp\/transportadora-em-assis-sp\/","title":{"rendered":"Transportadora em Assis &#8211; SP"},"content":{"rendered":"<h1 style=\"text-align: justify;\"><span style=\"color: #015496; font-size: 18pt; font-family: tahoma, arial, helvetica, sans-serif;\">Transportadora em Assis &#8211; SP<\/span><\/h1>\n<p style=\"text-align: justify;\"><span style=\"font-size: 14pt; font-family: tahoma, arial, helvetica, sans-serif;\"><span style=\"color: #333333;\">Ol\u00e1, obrigado pela visita em nosso site, s<\/span><span style=\"color: #333333;\">omos a <strong>KP Transportes Transportadora em Assis<\/strong><\/span><\/span><\/p>\n<p style=\"text-align: justify;\"><span style=\"font-family: tahoma, arial, helvetica, sans-serif;\">Uma empresa especializada no transporte de produtos aliment\u00edcios, super gelados, refrigerados e secos!<\/span><\/p>\n<p style=\"text-align: justify;\"><span style=\"font-family: tahoma, arial, helvetica, sans-serif;\">Dispomos de frota pr\u00f3pria e terceirizada, com ve\u00edculos equipados com aparelhos de tecnologia de ponta tanto no seu trajeto como na temperatura do ba\u00fa em tempo real dentro das normas de transporte estipuladas pela Vigil\u00e2ncia Sanit\u00e1ria, o que garante rapidez, qualidade e efici\u00eancia na distribui\u00e7\u00e3o dos produtos.<\/span><\/p>\n<h2 style=\"text-align: justify;\"><span style=\"font-size: 18pt; color: #015496; font-family: tahoma, arial, helvetica, sans-serif;\">KP Transportes &#8211; Transportadora em Assis &#8211; SP<\/span><\/h2>\n<figure id=\"attachment_914\" aria-describedby=\"caption-attachment-914\" style=\"width: 703px\" class=\"wp-caption aligncenter\"><img loading=\"lazy\" decoding=\"async\" class=\"wp-image-914 size-full\" title=\"Transportadora em Assis - SP\" src=\"https:\/\/kptransportes.com.br\/sp\/wp-content\/uploads\/2020\/01\/Transportadora-kp-transportes.jpg\" alt=\"Transportadora em Assis - SP\" width=\"703\" height=\"334\" srcset=\"https:\/\/kptransportes.com.br\/sp\/wp-content\/uploads\/2020\/01\/Transportadora-kp-transportes.jpg 703w, https:\/\/kptransportes.com.br\/sp\/wp-content\/uploads\/2020\/01\/Transportadora-kp-transportes-300x143.jpg 300w\" sizes=\"auto, (max-width: 703px) 100vw, 703px\" \/><figcaption id=\"caption-attachment-914\" class=\"wp-caption-text\">Transportadora em Assis &#8211; SP<\/figcaption><\/figure>\n<h2 style=\"text-align: justify;\"><span style=\"font-size: 14pt; color: #015496; font-family: tahoma, arial, helvetica, sans-serif;\">Transportadora em Assis &#8211; SP<\/span><\/h2>\n<p style=\"text-align: justify;\"><span style=\"font-family: tahoma, arial, helvetica, sans-serif;\">Temos uma estrutura que oferece \u00e0 sua empresa maior rapidez e efici\u00eancia nas opera\u00e7\u00f5es, possibilitando melhores prazos, no menor tempo com muita seguran\u00e7a para garantir sempre a integridade de seus produtos.<\/span><\/p>\n<h3 style=\"text-align: justify;\"><span style=\"color: #015496; font-family: tahoma, arial, helvetica, sans-serif;\">Transportadora de carga seca em Assis &#8211; SP<\/span><\/h3>\n<p style=\"text-align: justify;\"><span style=\"font-family: tahoma, arial, helvetica, sans-serif;\">Mesmo com sua durabilidade e sem precisar de muitos cuidados especiais, a carga seca n\u00e3o pode ficar muito tempo ao sol ou durante a chuva. Por isso \u00e9 importante ficar atento \u00e0 carroceria e ao ba\u00fa do transporte, garantindo que seja bem fechado e vedado. Impedindo, dessa forma, que o produto perca sua qualidade. Para que tudo corra bem, ter um ba\u00fa de qualidade e verificar se ele ir\u00e1 garantir a integridade do produto at\u00e9 o destino, \u00e9 fundamental.<\/span><\/p>\n<p style=\"text-align: justify;\"><span style=\"font-family: tahoma, arial, helvetica, sans-serif;\">A grande parte dos produtos de carga seca possuem valor alto, em raz\u00e3o disso, essa carga pede mais seguran\u00e7a em compara\u00e7\u00e3o \u00e0s cargas tradicionais. Ent\u00e3o, priorize contratar transportadoras que possuem rastreamento da carga. Isso vai contribuir na hora de localizar a carga, em caso de extravio de mercadoria.<\/span><\/p>\n<h3 style=\"text-align: justify;\"><span style=\"color: #015496; font-family: tahoma, arial, helvetica, sans-serif;\">Transportadora de carga refrigerada em Assis &#8211; SP<\/span><\/h3>\n<p style=\"text-align: justify;\"><span style=\"font-family: tahoma, arial, helvetica, sans-serif;\">Conserva\u00e7\u00e3o da Mercadoria: Dentre as maiores preocupa\u00e7\u00f5es est\u00e3o o manuseio, o acondicionamento, transporte e a embalagem das mercadorias. A embalagem deve ser obrigatoriamente de acordo com o produto e suas condi\u00e7\u00f5es especiais para transporte, dimens\u00f5es e natureza.<\/span><\/p>\n<p style=\"text-align: justify;\"><span style=\"font-family: tahoma, arial, helvetica, sans-serif;\">Se essas quest\u00f5es forem cuidadosamente avaliadas, o \u00edndice de perda de produto reduz ao m\u00e1ximo, podendo ser nulo.<\/span><\/p>\n<h3 style=\"text-align: justify;\"><span style=\"color: #015496; font-family: tahoma, arial, helvetica, sans-serif;\">Transportadora de carga congelada em Assis- SP<\/span><\/h3>\n<p style=\"text-align: justify;\"><span style=\"font-family: tahoma, arial, helvetica, sans-serif;\">O transporte de congelados exige v\u00e1rios cuidados especiais. Isso porque esses alimentos precisam ser conduzidos em temperaturas baixas, para que n\u00e3o se estraguem durante o trajeto at\u00e9 o destino final.<\/span><\/p>\n<p style=\"text-align: justify;\"><span style=\"font-family: tahoma, arial, helvetica, sans-serif;\">Por conta disso, os caminh\u00f5es frigor\u00edficos s\u00e3o uma excelente op\u00e7\u00e3o para o transporte de congelados. Al\u00e9m de manterem um ambiente ideal para a movimenta\u00e7\u00e3o de produtos perec\u00edveis, eles impedem a entrada do calor e evitam que microrganismos se proliferem.<\/span><\/p>\n<p style=\"text-align: justify;\"><span style=\"font-family: tahoma, arial, helvetica, sans-serif;\">Tenha em mente que todo o cuidado \u00e9 necess\u00e1rio para fazer o transporte de congelados. Desde a carga e descarga dos alimentos, at\u00e9 a c\u00e2mara fria onde eles ser\u00e3o mantidos, tudo interfere na qualidade deste tipo de produto.<\/span><\/p>\n<p style=\"text-align: justify;\"><span style=\"font-size: 18pt; font-family: tahoma, arial, helvetica, sans-serif; color: #ff6600;\">Dicas e cuidados necess\u00e1rios no transporte de cargas fr\u00e1geis em Assis.<\/span><\/p>\n<p style=\"text-align: justify;\"><span style=\"font-size: 14pt; font-family: tahoma, arial, helvetica, sans-serif;\">1. Prefira caixas mais firmes<\/span><br \/>\n<span style=\"font-family: tahoma, arial, helvetica, sans-serif;\">Na maior parte das vezes, a distribui\u00e7\u00e3o de produtos \u00e9 feita com os itens acondicionados em caixas de papel\u00e3o. Contudo, esse material n\u00e3o \u00e9 o mais firme de todos, o que se prova n\u00e3o ser a melhor escolha para o transporte de cargas fr\u00e1geis.<\/span><\/p>\n<p style=\"text-align: justify;\"><span style=\"font-size: 14pt; font-family: tahoma, arial, helvetica, sans-serif;\">2. Embale cada produto individualmente<\/span><br \/>\n<span style=\"font-family: tahoma, arial, helvetica, sans-serif;\">Mesmo que os itens sejam acomodados em robustas caixas de madeira, por serem fr\u00e1geis, eles precisam ser embalados individualmente primeiro. Objetos quebr\u00e1veis \u2014 como os de vidro \u2014 devem ser protegidos com materiais como pl\u00e1stico bolha ou folha de isopor que s\u00e3o solu\u00e7\u00f5es capazes de absorver impactos e preservar a forma dos produtos.<\/span><\/p>\n<p style=\"text-align: justify;\"><span style=\"font-size: 14pt; font-family: tahoma, arial, helvetica, sans-serif;\">3. Sinalize as embalagens<\/span><br \/>\n<span style=\"font-family: tahoma, arial, helvetica, sans-serif;\">Ainda que a equipe respons\u00e1vel esteja ciente do conte\u00fado fr\u00e1gil das caixas que ser\u00e3o movimentadas, a sinaliza\u00e7\u00e3o correta nunca \u00e9 demais. Adicionar etiquetas com s\u00edmbolos e avisos padronizados que atentem as pessoas para a natureza delicada dos produtos transportados \u00e9 importante para evitar descuidos, confus\u00f5es e acidentes.<\/span><\/p>\n<p style=\"text-align: justify;\"><span style=\"font-size: 14pt; font-family: tahoma, arial, helvetica, sans-serif;\">4. Acomode as cargas fr\u00e1geis em cima<\/span><br \/>\n<span style=\"font-family: tahoma, arial, helvetica, sans-serif;\">Uma vez sinalizadas, as caixas com conte\u00fado fr\u00e1gil n\u00e3o podem ser acomodadas por baixo de outros materiais \u2014 sobretudo outras embalagens pesadas. Isso \u00e9 um cuidado que parece intuitivo, por\u00e9m muitas transportadoras n\u00e3o se d\u00e3o conta desse detalhe. Esse tipo de empilhamento \u00e9, claramente, um grande erro, pois os riscos de amassados, quebras e outros danos s\u00e3o grandes.<\/span><\/p>\n<p style=\"text-align: justify;\"><span style=\"font-size: 14pt; font-family: tahoma, arial, helvetica, sans-serif;\">5. Prenda as caixas firmemente<\/span><br \/>\n<span style=\"font-family: tahoma, arial, helvetica, sans-serif;\">\u00c9 sabido que, para otimizar espa\u00e7o na carroceria do ve\u00edculo, as caixas s\u00e3o empilhadas e acomodadas junto a outras. Todavia, durante o trajeto, em fun\u00e7\u00e3o de curvas e freadas, as mercadorias podem facilmente se deslocar dentro do caminh\u00e3o, cair, quebrar ou danificar outros materiais.<\/span><\/p>\n<p style=\"text-align: justify;\"><span style=\"font-size: 14pt; font-family: tahoma, arial, helvetica, sans-serif;\">6. Invista em tecnologia<\/span><br \/>\n<span style=\"font-family: tahoma, arial, helvetica, sans-serif;\">Na movimenta\u00e7\u00e3o de cargas sens\u00edveis e com elevado grau de risco \u2014 como os equipamentos hospitalares e itens farmac\u00eauticos \u2014 e tamb\u00e9m os que possuem um alto valor agregado, o uso de tecnologias de monitoramento e rastreamento em tempo real \u00e9 um grande aliado.<\/span><\/p>\n<p style=\"text-align: justify;\"><span style=\"font-size: 14pt; font-family: tahoma, arial, helvetica, sans-serif;\">7. Busque um parceiro especializado<\/span><br \/>\n<span style=\"font-family: tahoma, arial, helvetica, sans-serif;\">Empresas que n\u00e3o possuem uma log\u00edstica pr\u00f3pria se beneficiam muito ao procurar por uma transportadora que possua expertise e profissionais especializados no transporte de cargas fr\u00e1geis.<\/span><\/p>\n<p style=\"text-align: justify;\"><span style=\"font-family: tahoma, arial, helvetica, sans-serif;\">Logo, antes de fechar o contrato com uma empresa para distribuir seus produtos, \u00e9 essencial verificar o portf\u00f3lio, a experi\u00eancia e as refer\u00eancias da transportadora no mercado.<\/span><\/p>\n<p style=\"text-align: justify;\"><span style=\"font-size: 14pt; font-family: tahoma, arial, helvetica, sans-serif; color: #ff6600;\">Entre em contato com a Transportadora em Assis &#8211; SP.<\/span><\/p>\n<p style=\"text-align: justify;\"><span style=\"font-family: tahoma, arial, helvetica, sans-serif;\">Rua M\u00e1rio Linhares, 579 &#8211; 05736-160 \u2013 S\u00e3o Paulo \u2013 SP<\/span><\/p>\n<p style=\"text-align: justify;\"><span style=\"font-family: tahoma, arial, helvetica, sans-serif;\">Rua das Papoulas, 240 &#8211; 13050-084 &#8211; Campinas &#8211; SP<\/span><\/p>\n<p style=\"text-align: justify;\"><span style=\"font-family: tahoma, arial, helvetica, sans-serif;\">Telefone: (11) 4303-7512 \/ (11) 94727-6394 \/ (11) 94728-6400<\/span><\/p>\n<p style=\"text-align: justify;\"><span style=\"font-size: 8pt; font-family: tahoma, arial, helvetica, sans-serif; color: #cc99ff;\">De Marketing de SEO &#8211; <a style=\"color: #cc99ff;\" href=\"http:\/\/www.fabiopi.com.br\" target=\"_blank\" rel=\"noopener noreferrer\">www.fabiopi.com.br<\/a><\/span><\/p>\n","protected":false},"excerpt":{"rendered":"<p>Transportadora em Assis &#8211; SP Ol\u00e1, obrigado pela visita em nosso site, somos a KP Transportes Transportadora em Assis Uma empresa especializada no transporte de produtos aliment\u00edcios, super gelados, refrigerados e secos! Dispomos de frota pr\u00f3pria e terceirizada, com ve\u00edculos equipados com aparelhos de tecnologia de ponta tanto no seu trajeto como na temperatura do [&hellip;]<\/p>\n","protected":false},"author":1,"featured_media":0,"parent":0,"menu_order":0,"comment_status":"closed","ping_status":"closed","template":"","meta":{"ocean_post_layout":"","ocean_both_sidebars_style":"","ocean_both_sidebars_content_width":0,"ocean_both_sidebars_sidebars_width":0,"ocean_sidebar":"","ocean_second_sidebar":"","ocean_disable_margins":"enable","ocean_add_body_class":"","ocean_shortcode_before_top_bar":"","ocean_shortcode_after_top_bar":"","ocean_shortcode_before_header":"","ocean_shortcode_after_header":"","ocean_has_shortcode":"","ocean_shortcode_after_title":"","ocean_shortcode_before_footer_widgets":"","ocean_shortcode_after_footer_widgets":"","ocean_shortcode_before_footer_bottom":"","ocean_shortcode_after_footer_bottom":"","ocean_display_top_bar":"default","ocean_display_header":"default","ocean_header_style":"","ocean_center_header_left_menu":"","ocean_custom_header_template":"","ocean_custom_logo":0,"ocean_custom_retina_logo":0,"ocean_custom_logo_max_width":0,"ocean_custom_logo_tablet_max_width":0,"ocean_custom_logo_mobile_max_width":0,"ocean_custom_logo_max_height":0,"ocean_custom_logo_tablet_max_height":0,"ocean_custom_logo_mobile_max_height":0,"ocean_header_custom_menu":"","ocean_menu_typo_font_family":"","ocean_menu_typo_font_subset":"","ocean_menu_typo_font_size":0,"ocean_menu_typo_font_size_tablet":0,"ocean_menu_typo_font_size_mobile":0,"ocean_menu_typo_font_size_unit":"px","ocean_menu_typo_font_weight":"","ocean_menu_typo_font_weight_tablet":"","ocean_menu_typo_font_weight_mobile":"","ocean_menu_typo_transform":"","ocean_menu_typo_transform_tablet":"","ocean_menu_typo_transform_mobile":"","ocean_menu_typo_line_height":0,"ocean_menu_typo_line_height_tablet":0,"ocean_menu_typo_line_height_mobile":0,"ocean_menu_typo_line_height_unit":"","ocean_menu_typo_spacing":0,"ocean_menu_typo_spacing_tablet":0,"ocean_menu_typo_spacing_mobile":0,"ocean_menu_typo_spacing_unit":"","ocean_menu_link_color":"","ocean_menu_link_color_hover":"","ocean_menu_link_color_active":"","ocean_menu_link_background":"","ocean_menu_link_hover_background":"","ocean_menu_link_active_background":"","ocean_menu_social_links_bg":"","ocean_menu_social_hover_links_bg":"","ocean_menu_social_links_color":"","ocean_menu_social_hover_links_color":"","ocean_disable_title":"default","ocean_disable_heading":"default","ocean_post_title":"","ocean_post_subheading":"","ocean_post_title_style":"","ocean_post_title_background_color":"","ocean_post_title_background":0,"ocean_post_title_bg_image_position":"","ocean_post_title_bg_image_attachment":"","ocean_post_title_bg_image_repeat":"","ocean_post_title_bg_image_size":"","ocean_post_title_height":0,"ocean_post_title_bg_overlay":0.5,"ocean_post_title_bg_overlay_color":"","ocean_disable_breadcrumbs":"default","ocean_breadcrumbs_color":"","ocean_breadcrumbs_separator_color":"","ocean_breadcrumbs_links_color":"","ocean_breadcrumbs_links_hover_color":"","ocean_display_footer_widgets":"default","ocean_display_footer_bottom":"default","ocean_custom_footer_template":"","footnotes":""},"class_list":["post-1029","page","type-page","status-publish","hentry","entry"],"_links":{"self":[{"href":"https:\/\/kptransportes.com.br\/sp\/wp-json\/wp\/v2\/pages\/1029","targetHints":{"allow":["GET"]}}],"collection":[{"href":"https:\/\/kptransportes.com.br\/sp\/wp-json\/wp\/v2\/pages"}],"about":[{"href":"https:\/\/kptransportes.com.br\/sp\/wp-json\/wp\/v2\/types\/page"}],"author":[{"embeddable":true,"href":"https:\/\/kptransportes.com.br\/sp\/wp-json\/wp\/v2\/users\/1"}],"replies":[{"embeddable":true,"href":"https:\/\/kptransportes.com.br\/sp\/wp-json\/wp\/v2\/comments?post=1029"}],"version-history":[{"count":0,"href":"https:\/\/kptransportes.com.br\/sp\/wp-json\/wp\/v2\/pages\/1029\/revisions"}],"wp:attachment":[{"href":"https:\/\/kptransportes.com.br\/sp\/wp-json\/wp\/v2\/media?parent=1029"}],"curies":[{"name":"wp","href":"https:\/\/api.w.org\/{rel}","templated":true}]}}